{"id":79,"date":"2018-08-01T19:29:32","date_gmt":"2018-08-01T19:29:32","guid":{"rendered":"https:\/\/kielhilft.marcweidemueller.de\/wordpress\/?page_id=79"},"modified":"2025-03-21T12:38:11","modified_gmt":"2025-03-21T11:38:11","slug":"ueber-uns","status":"publish","type":"page","link":"https:\/\/kiel-hilft.de\/index.php\/ueber-uns\/","title":{"rendered":"\u00dcber uns"},"content":{"rendered":"<div class=\"wp-block-image\">\n<figure class=\"alignleft is-resized\"><img loading=\"lazy\" decoding=\"async\" width=\"300\" height=\"298\" src=\"https:\/\/kiel-hilft.de\/wp-content\/uploads\/2018\/09\/Foto-Vereinsgrndung-300x298.jpg\" alt=\"\" class=\"wp-image-227\" style=\"aspect-ratio:1.0056818181818181;width:376px;height:auto\" srcset=\"https:\/\/kiel-hilft.de\/wp-content\/uploads\/2018\/09\/Foto-Vereinsgrndung-300x298.jpg 300w, https:\/\/kiel-hilft.de\/wp-content\/uploads\/2018\/09\/Foto-Vereinsgrndung-150x150.jpg 150w, https:\/\/kiel-hilft.de\/wp-content\/uploads\/2018\/09\/Foto-Vereinsgrndung-768x762.jpg 768w, https:\/\/kiel-hilft.de\/wp-content\/uploads\/2018\/09\/Foto-Vereinsgrndung-1024x1016.jpg 1024w, https:\/\/kiel-hilft.de\/wp-content\/uploads\/2018\/09\/Foto-Vereinsgrndung-90x90.jpg 90w, https:\/\/kiel-hilft.de\/wp-content\/uploads\/2018\/09\/Foto-Vereinsgrndung-383x380.jpg 383w, https:\/\/kiel-hilft.de\/wp-content\/uploads\/2018\/09\/Foto-Vereinsgrndung.jpg 1852w\" sizes=\"(max-width: 300px) 100vw, 300px\" \/><\/figure><\/div>\n\n\n<p>Aus der im August 2015 gestarteten Facebook-Gruppe Kiel hilft Fl\u00fcchtlingen ist die gr\u00f6\u00dfte B\u00fcrgerinitiative der Stadt geworden. Wir haben viele tausende Gefl\u00fcchtete in Kiel willkommen gehei\u00dfen, sie mit dem N\u00f6tigsten ausgestattet und standen ihnen mit Rat und Tat zur Seite. Schwerpunkte unserer Arbeit waren in unserer Anfangszeit das Sammeln, Sortieren und Verteilen von Sachspenden sowie die Betreuung der Transitfl\u00fcchtlinge in Kiel und weiten Teilen Schleswig-Holstein.              Wir engagierten uns in der bis zur Schlie\u00dfung in der Landesunterkunft am Niemannsweg und am Nordmarksportfeld und intensivierten unsere Aktivit\u00e4ten in der Integrationsarbeit. <\/p>\n\n\n\n<p>Am 15. Februar 2016 wurde dann der gemeinn\u00fctzige Verein Kiel hilft Fl\u00fcchtlingen e.V. gegr\u00fcndet. Der Wechsel von der B\u00fcrgerinitiative zum Verein stellte die f\u00fcr uns notwendige Weiterentwicklung dar, um unser Engagement langfristig und nachhaltig zu gestalten. Am Wesen unserer Arbeit hat sich durch die Vereinsgr\u00fcndung jedoch nichts ge\u00e4ndert. Wir packen da an, wo Hilfe schnell und unb\u00fcrokratisch gebraucht wird.<\/p>\n\n\n\n\n\n<p>Mit Ende der gro\u00dfen Zahlen von ankommenden Gefl\u00fcchteten \u00e4nderten sich auch die Aufgaben des Vereins. Statt Nothilfe war nun Integrationshilfe gefragt. So mussten auch wir uns neu erfinden und richteten unsere Arbeit immer st\u00e4rker auf Integrationsarbeit aus. Mit unseren Sprachtreffs, Spieleabenden, N\u00e4htreffs, Kochabenden und vielen anderen Projekten bieten wir Menschen eine M\u00f6glichkeit auch am gesellschaftlichen Leben teilzunehmen und wollen somit zu einem wichtigen Grundpfeiler der Integration beitragen.<\/p>\n\n\n\n<p>Unterst\u00fctzt durch die Stadt Kiel haben wir nun seit Anfang 2017 die M\u00f6glichkeit, in der Waisenhofstra\u00dfe 3 ein Begegnungszentrum zu betreiben, in dem wir unsere Projekte verwirklichen k\u00f6nnen und es anderen Projekten von anderen Initiativen, die ebenfalls Raum und Platz ben\u00f6tigen, die Chance bieten, bei uns ein zuhause zu finden.<\/p>\n\n\n\n<p><\/p>\n\n\n\n\n\n<figure class=\"wp-block-image size-large\"><img loading=\"lazy\" decoding=\"async\" width=\"1024\" height=\"682\" src=\"https:\/\/kiel-hilft.de\/wp-content\/uploads\/2025\/03\/DSC00161-1024x682.jpg\" alt=\"\" class=\"wp-image-767\" srcset=\"https:\/\/kiel-hilft.de\/wp-content\/uploads\/2025\/03\/DSC00161-1024x682.jpg 1024w, https:\/\/kiel-hilft.de\/wp-content\/uploads\/2025\/03\/DSC00161-300x200.jpg 300w, https:\/\/kiel-hilft.de\/wp-content\/uploads\/2025\/03\/DSC00161-768x511.jpg 768w, https:\/\/kiel-hilft.de\/wp-content\/uploads\/2025\/03\/DSC00161-1536x1022.jpg 1536w, https:\/\/kiel-hilft.de\/wp-content\/uploads\/2025\/03\/DSC00161-2048x1363.jpg 2048w, https:\/\/kiel-hilft.de\/wp-content\/uploads\/2025\/03\/DSC00161-571x380.jpg 571w\" sizes=\"(max-width: 1024px) 100vw, 1024px\" \/><\/figure>\n\n\n\n<p><\/p>\n\n\n\n<p><strong>Unsere Grunds\u00e4tze<\/strong><\/p>\n\n\n\n<div class=\"wp-block-group is-vertical is-layout-flex wp-container-core-group-is-layout-1 wp-block-group-is-layout-flex\">\n<div class=\"wp-block-columns are-vertically-aligned-center is-layout-flex wp-container-core-columns-is-layout-1 wp-block-columns-is-layout-flex\">\n<div class=\"wp-block-column is-vertically-aligned-center is-layout-flow wp-block-column-is-layout-flow\" style=\"flex-basis:73%\">\n<ul class=\"wp-block-list\">\n<li>Wir m\u00f6chten Menschen schnell und unb\u00fcrokratisch die Hilfe und Unterst\u00fctzung zukommen, die sie ben\u00f6tigen und w\u00fcnschen.<\/li>\n\n\n\n<li>Wir versuchen m\u00f6glichst viele Menschen verschiedenster Herkunft in direkten Kontakt miteinander zu bringen, um Rassismus und Fremdenfeindlichkeit durch Begegnungen gar nicht entstehen zu lassen.<\/li>\n\n\n\n<li>Ehrenamtliche Helfer, die unb\u00fcrokratisch helfen wollen, sollen bei uns die M\u00f6glichkeit dazu erhalten.<\/li>\n\n\n\n<li>Wir sind parteipolitisch neutral und hei\u00dfen jeden unabh\u00e4ngig seiner Herkunft, seiner F\u00e4higkeiten, seiner politischen Einstellungen und seiner sexuellen Orientierung willkommen.<\/li>\n<\/ul>\n<\/div>\n<\/div>\n<\/div>\n\n\n\n<h1 class=\"wp-block-heading\">Verein Kiel hilft Fl\u00fcchtlingen<\/h1>\n\n\n\n<p>Die Initiative Kiel hilft Fl\u00fcchtlingen ben\u00f6tigt eine juristische Person, die Vertr\u00e4ge eingehen kann, die Gelder verwaltet und auch die Haftung f\u00fcr m\u00f6gliche Schadensf\u00e4lle \u00fcbernimmt. Bisher wurde diese L\u00fccke durch die gro\u00dfartige Unterst\u00fctzung des&nbsp;<a rel=\"noreferrer noopener\" href=\"http:\/\/www.paritaet-sh.de\/\" target=\"_blank\">Parit\u00e4tischen Wohlfahrtsverbands Schleswig-Holstein<\/a>, der&nbsp;<a rel=\"noreferrer noopener\" href=\"http:\/\/www.stadtmission-kiel.de\/\" target=\"_blank\">stadt.mission.mensch<\/a>&nbsp;und der privaten Haftung Einzelner ausgef\u00fcllt. Das ist alles jedoch keine Dauerl\u00f6sung und so beschloss das bisherige Organisationsteam der Initiative die Gr\u00fcndung eines Vereins. Nach langer Arbeit an einer Satzung, die das Wesen der Initiative am besten widerspiegelt, wurde am 15. Februar 2016 der Verein Kiel hilft Fl\u00fcchtlingen gegr\u00fcndet und die Eintragung ins Vereinsregister und die Anerkennung der Gemeinn\u00fctzigkeit beantragt. Seit dem 12.10.2016 ist der Verein in das Vereinsregister der Stadt Kiel eingetragen. Der Verein soll im Wesentlichen die Arbeit der Initiative unterst\u00fctzen, die Aktivit\u00e4ten koordinieren und die Sitzungen des Werkstatttreffs vorbereiten. Zudem vertritt er Kiel hilft Fl\u00fcchtlingen nach au\u00dfen.<\/p>\n\n\n\n\n\n<figure class=\"wp-block-image size-large\"><img loading=\"lazy\" decoding=\"async\" width=\"1015\" height=\"1024\" src=\"https:\/\/kiel-hilft.de\/wp-content\/uploads\/2024\/02\/newwwww-3-1015x1024.jpg\" alt=\"\" class=\"wp-image-657\" srcset=\"https:\/\/kiel-hilft.de\/wp-content\/uploads\/2024\/02\/newwwww-3-1015x1024.jpg 1015w, https:\/\/kiel-hilft.de\/wp-content\/uploads\/2024\/02\/newwwww-3-297x300.jpg 297w, https:\/\/kiel-hilft.de\/wp-content\/uploads\/2024\/02\/newwwww-3-150x150.jpg 150w, https:\/\/kiel-hilft.de\/wp-content\/uploads\/2024\/02\/newwwww-3-768x775.jpg 768w, https:\/\/kiel-hilft.de\/wp-content\/uploads\/2024\/02\/newwwww-3-1522x1536.jpg 1522w, https:\/\/kiel-hilft.de\/wp-content\/uploads\/2024\/02\/newwwww-3-90x90.jpg 90w, https:\/\/kiel-hilft.de\/wp-content\/uploads\/2024\/02\/newwwww-3-376x380.jpg 376w, https:\/\/kiel-hilft.de\/wp-content\/uploads\/2024\/02\/newwwww-3.jpg 2029w\" sizes=\"(max-width: 1015px) 100vw, 1015px\" \/><\/figure>\n\n\n\n<p><\/p>\n\n\n\n<p><strong>Aus Kiel hilft Fl\u00fcchtlingen e.V. wird Kiel hilft e.V.<\/strong><\/p>\n\n\n\n<p>Schon von Beginn an haben wir mit unserer Arbeit nicht nur Gefl\u00fcchtete sondern auch Frauenh\u00e4user, Kleiderkammern und\u00a0 Obdachloseninitiativen unterst\u00fctzt. Seit September 2018 gibt es uns nun unter dem neuen Namen &#8222;Kiel hilft e.V.&#8220;<\/p>\n\n\n\n<p><\/p>\n\n\n\n<p>Seit Juli 2022 hat unser Verein einen Gruppenvorstand. Dieser besteht aktuell aus Mireille Leibrich, Ghaith Ayoub Agha und Simon Ku\u00df (diese bilden den Vertretungsvorstand lt. \u00a726 BGB). Zus\u00e4tzlich dazu haben wir einen Beirat gew\u00e4hlt.<\/p>\n\n\n\n<div class=\"wp-block-columns is-layout-flex wp-container-core-columns-is-layout-3 wp-block-columns-is-layout-flex\">\n<div class=\"wp-block-column is-vertically-aligned-top is-layout-flow wp-block-column-is-layout-flow\" style=\"flex-basis:100%\">\n<div class=\"wp-block-group alignwide\"><div class=\"wp-block-group__inner-container is-layout-flow wp-block-group-is-layout-flow\">\n<div class=\"wp-block-media-text alignwide is-stacked-on-mobile is-vertically-aligned-bottom\" style=\"grid-template-columns:46% auto\"><figure class=\"wp-block-media-text__media\"><img loading=\"lazy\" decoding=\"async\" width=\"1024\" height=\"884\" src=\"https:\/\/kiel-hilft.de\/wp-content\/uploads\/2023\/05\/neu-1024x884.jpg\" alt=\"\" class=\"wp-image-478 size-full\" srcset=\"https:\/\/kiel-hilft.de\/wp-content\/uploads\/2023\/05\/neu-1024x884.jpg 1024w, https:\/\/kiel-hilft.de\/wp-content\/uploads\/2023\/05\/neu-300x259.jpg 300w, https:\/\/kiel-hilft.de\/wp-content\/uploads\/2023\/05\/neu-768x663.jpg 768w, https:\/\/kiel-hilft.de\/wp-content\/uploads\/2023\/05\/neu-1536x1326.jpg 1536w, https:\/\/kiel-hilft.de\/wp-content\/uploads\/2023\/05\/neu-2048x1768.jpg 2048w, https:\/\/kiel-hilft.de\/wp-content\/uploads\/2023\/05\/neu-440x380.jpg 440w\" sizes=\"(max-width: 1024px) 100vw, 1024px\" \/><\/figure><div class=\"wp-block-media-text__content\">\n<p>Der neue Vorstand: Mireille Leibrich, Simon Ku\u00df und Ghaith Agha (v.l.n.r.)<\/p>\n\n\n\n<p><\/p>\n<\/div><\/div>\n\n\n\n<div class=\"wp-block-columns is-layout-flex wp-container-core-columns-is-layout-2 wp-block-columns-is-layout-flex\">\n<div class=\"wp-block-column is-layout-flow wp-block-column-is-layout-flow\"><\/div>\n\n\n\n<div class=\"wp-block-column is-layout-flow wp-block-column-is-layout-flow\"><\/div>\n<\/div>\n<\/div><\/div>\n<\/div>\n<\/div>\n\n\n\n<p><\/p>\n\n\n\n<p>Der Vorstand ist per Mail \u00fcber&nbsp;<a href=\"mailto:vorstand@kiel-hilft.de\">\u2192 vorstand@kiel-hilft.de<\/a>&nbsp;zu erreichen.  <\/p>\n\n\n\n<p>Hier unsere&nbsp;<a href=\"https:\/\/kiel-hilft.de\/wp-content\/uploads\/2022\/05\/Satzung-2.0-Kiel-Hilft-e.V..pdf\" target=\"_blank\" rel=\"noreferrer noopener\">aktuelle Satzung&nbsp;<\/a>und der&nbsp;<a href=\"https:\/\/kiel-hilft.de\/index.php\/mitgliedsbereich\">Antrag auf Mitgliedschaft<\/a>.<\/p>\n\n\n\n<p>&nbsp;<\/p>\n\n\n","protected":false},"excerpt":{"rendered":"<p>Aus der im August 2015 gestarteten Facebook-Gruppe Kiel hilft Fl\u00fcchtlingen ist die gr\u00f6\u00dfte B\u00fcrgerinitiative der Stadt geworden. Wir haben viele tausende Gefl\u00fcchtete in Kiel willkommen gehei\u00dfen, sie mit dem N\u00f6tigsten ausgestattet und standen ihnen mit Rat und Tat zur Seite. Schwerpunkte unserer Arbeit waren in unserer Anfangszeit das Sammeln, Sortieren und Verteilen von Sachspenden sowie &hellip; <a href=\"https:\/\/kiel-hilft.de\/index.php\/ueber-uns\/\" class=\"more-link\">Weiterlesen <span class=\"screen-reader-text\">\u00dcber uns<\/span><\/a><\/p>\n","protected":false},"author":5,"featured_media":0,"parent":0,"menu_order":0,"comment_status":"closed","ping_status":"closed","template":"","meta":{"_mc_calendar":[],"footnotes":""},"class_list":["post-79","page","type-page","status-publish","hentry","without-featured-image"],"yoast_head":"<!-- This site is optimized with the Yoast SEO plugin v25.6 - https:\/\/yoast.com\/wordpress\/plugins\/seo\/ -->\n<title>\u00dcber uns - Kiel Hilft e.V.<\/title>\n<meta name=\"robots\" content=\"index, follow, max-snippet:-1, max-image-preview:large, max-video-preview:-1\" \/>\n<link rel=\"canonical\" href=\"https:\/\/kiel-hilft.de\/index.php\/ueber-uns\/\" \/>\n<meta property=\"og:locale\" content=\"de_DE\" \/>\n<meta property=\"og:type\" content=\"article\" \/>\n<meta property=\"og:title\" content=\"\u00dcber uns - Kiel Hilft e.V.\" \/>\n<meta property=\"og:description\" content=\"Aus der im August 2015 gestarteten Facebook-Gruppe Kiel hilft Fl\u00fcchtlingen ist die gr\u00f6\u00dfte B\u00fcrgerinitiative der Stadt geworden. Wir haben viele tausende Gefl\u00fcchtete in Kiel willkommen gehei\u00dfen, sie mit dem N\u00f6tigsten ausgestattet und standen ihnen mit Rat und Tat zur Seite. Schwerpunkte unserer Arbeit waren in unserer Anfangszeit das Sammeln, Sortieren und Verteilen von Sachspenden sowie &hellip; Weiterlesen \u00dcber uns\" \/>\n<meta property=\"og:url\" content=\"https:\/\/kiel-hilft.de\/index.php\/ueber-uns\/\" \/>\n<meta property=\"og:site_name\" content=\"Kiel Hilft e.V.\" \/>\n<meta property=\"article:modified_time\" content=\"2025-03-21T11:38:11+00:00\" \/>\n<meta property=\"og:image\" content=\"https:\/\/kiel-hilft.de\/wp-content\/uploads\/2018\/09\/Foto-Vereinsgrndung.jpg\" \/>\n\t<meta property=\"og:image:width\" content=\"1852\" \/>\n\t<meta property=\"og:image:height\" content=\"1838\" \/>\n\t<meta property=\"og:image:type\" content=\"image\/jpeg\" \/>\n<meta name=\"twitter:card\" content=\"summary_large_image\" \/>\n<meta name=\"twitter:label1\" content=\"Gesch\u00e4tzte Lesezeit\" \/>\n\t<meta name=\"twitter:data1\" content=\"5\u00a0Minuten\" \/>\n<script type=\"application\/ld+json\" class=\"yoast-schema-graph\">{\"@context\":\"https:\/\/schema.org\",\"@graph\":[{\"@type\":\"WebPage\",\"@id\":\"https:\/\/kiel-hilft.de\/index.php\/ueber-uns\/\",\"url\":\"https:\/\/kiel-hilft.de\/index.php\/ueber-uns\/\",\"name\":\"\u00dcber uns - Kiel Hilft e.V.\",\"isPartOf\":{\"@id\":\"https:\/\/kiel-hilft.de\/#website\"},\"primaryImageOfPage\":{\"@id\":\"https:\/\/kiel-hilft.de\/index.php\/ueber-uns\/#primaryimage\"},\"image\":{\"@id\":\"https:\/\/kiel-hilft.de\/index.php\/ueber-uns\/#primaryimage\"},\"thumbnailUrl\":\"https:\/\/kiel-hilft.de\/wp-content\/uploads\/2018\/09\/Foto-Vereinsgrndung-300x298.jpg\",\"datePublished\":\"2018-08-01T19:29:32+00:00\",\"dateModified\":\"2025-03-21T11:38:11+00:00\",\"breadcrumb\":{\"@id\":\"https:\/\/kiel-hilft.de\/index.php\/ueber-uns\/#breadcrumb\"},\"inLanguage\":\"de\",\"potentialAction\":[{\"@type\":\"ReadAction\",\"target\":[\"https:\/\/kiel-hilft.de\/index.php\/ueber-uns\/\"]}]},{\"@type\":\"ImageObject\",\"inLanguage\":\"de\",\"@id\":\"https:\/\/kiel-hilft.de\/index.php\/ueber-uns\/#primaryimage\",\"url\":\"https:\/\/kiel-hilft.de\/wp-content\/uploads\/2018\/09\/Foto-Vereinsgrndung.jpg\",\"contentUrl\":\"https:\/\/kiel-hilft.de\/wp-content\/uploads\/2018\/09\/Foto-Vereinsgrndung.jpg\",\"width\":1852,\"height\":1838},{\"@type\":\"BreadcrumbList\",\"@id\":\"https:\/\/kiel-hilft.de\/index.php\/ueber-uns\/#breadcrumb\",\"itemListElement\":[{\"@type\":\"ListItem\",\"position\":1,\"name\":\"Startseite\",\"item\":\"https:\/\/kiel-hilft.de\/\"},{\"@type\":\"ListItem\",\"position\":2,\"name\":\"\u00dcber uns\"}]},{\"@type\":\"WebSite\",\"@id\":\"https:\/\/kiel-hilft.de\/#website\",\"url\":\"https:\/\/kiel-hilft.de\/\",\"name\":\"Kiel Hilft e.V.\",\"description\":\"\",\"potentialAction\":[{\"@type\":\"SearchAction\",\"target\":{\"@type\":\"EntryPoint\",\"urlTemplate\":\"https:\/\/kiel-hilft.de\/?s={search_term_string}\"},\"query-input\":{\"@type\":\"PropertyValueSpecification\",\"valueRequired\":true,\"valueName\":\"search_term_string\"}}],\"inLanguage\":\"de\"}]}<\/script>\n<!-- \/ Yoast SEO plugin. -->","yoast_head_json":{"title":"\u00dcber uns - Kiel Hilft e.V.","robots":{"index":"index","follow":"follow","max-snippet":"max-snippet:-1","max-image-preview":"max-image-preview:large","max-video-preview":"max-video-preview:-1"},"canonical":"https:\/\/kiel-hilft.de\/index.php\/ueber-uns\/","og_locale":"de_DE","og_type":"article","og_title":"\u00dcber uns - Kiel Hilft e.V.","og_description":"Aus der im August 2015 gestarteten Facebook-Gruppe Kiel hilft Fl\u00fcchtlingen ist die gr\u00f6\u00dfte B\u00fcrgerinitiative der Stadt geworden. Wir haben viele tausende Gefl\u00fcchtete in Kiel willkommen gehei\u00dfen, sie mit dem N\u00f6tigsten ausgestattet und standen ihnen mit Rat und Tat zur Seite. Schwerpunkte unserer Arbeit waren in unserer Anfangszeit das Sammeln, Sortieren und Verteilen von Sachspenden sowie &hellip; Weiterlesen \u00dcber uns","og_url":"https:\/\/kiel-hilft.de\/index.php\/ueber-uns\/","og_site_name":"Kiel Hilft e.V.","article_modified_time":"2025-03-21T11:38:11+00:00","og_image":[{"width":1852,"height":1838,"url":"https:\/\/kiel-hilft.de\/wp-content\/uploads\/2018\/09\/Foto-Vereinsgrndung.jpg","type":"image\/jpeg"}],"twitter_card":"summary_large_image","twitter_misc":{"Gesch\u00e4tzte Lesezeit":"5\u00a0Minuten"},"schema":{"@context":"https:\/\/schema.org","@graph":[{"@type":"WebPage","@id":"https:\/\/kiel-hilft.de\/index.php\/ueber-uns\/","url":"https:\/\/kiel-hilft.de\/index.php\/ueber-uns\/","name":"\u00dcber uns - Kiel Hilft e.V.","isPartOf":{"@id":"https:\/\/kiel-hilft.de\/#website"},"primaryImageOfPage":{"@id":"https:\/\/kiel-hilft.de\/index.php\/ueber-uns\/#primaryimage"},"image":{"@id":"https:\/\/kiel-hilft.de\/index.php\/ueber-uns\/#primaryimage"},"thumbnailUrl":"https:\/\/kiel-hilft.de\/wp-content\/uploads\/2018\/09\/Foto-Vereinsgrndung-300x298.jpg","datePublished":"2018-08-01T19:29:32+00:00","dateModified":"2025-03-21T11:38:11+00:00","breadcrumb":{"@id":"https:\/\/kiel-hilft.de\/index.php\/ueber-uns\/#breadcrumb"},"inLanguage":"de","potentialAction":[{"@type":"ReadAction","target":["https:\/\/kiel-hilft.de\/index.php\/ueber-uns\/"]}]},{"@type":"ImageObject","inLanguage":"de","@id":"https:\/\/kiel-hilft.de\/index.php\/ueber-uns\/#primaryimage","url":"https:\/\/kiel-hilft.de\/wp-content\/uploads\/2018\/09\/Foto-Vereinsgrndung.jpg","contentUrl":"https:\/\/kiel-hilft.de\/wp-content\/uploads\/2018\/09\/Foto-Vereinsgrndung.jpg","width":1852,"height":1838},{"@type":"BreadcrumbList","@id":"https:\/\/kiel-hilft.de\/index.php\/ueber-uns\/#breadcrumb","itemListElement":[{"@type":"ListItem","position":1,"name":"Startseite","item":"https:\/\/kiel-hilft.de\/"},{"@type":"ListItem","position":2,"name":"\u00dcber uns"}]},{"@type":"WebSite","@id":"https:\/\/kiel-hilft.de\/#website","url":"https:\/\/kiel-hilft.de\/","name":"Kiel Hilft e.V.","description":"","potentialAction":[{"@type":"SearchAction","target":{"@type":"EntryPoint","urlTemplate":"https:\/\/kiel-hilft.de\/?s={search_term_string}"},"query-input":{"@type":"PropertyValueSpecification","valueRequired":true,"valueName":"search_term_string"}}],"inLanguage":"de"}]}},"_links":{"self":[{"href":"https:\/\/kiel-hilft.de\/index.php\/wp-json\/wp\/v2\/pages\/79"}],"collection":[{"href":"https:\/\/kiel-hilft.de\/index.php\/wp-json\/wp\/v2\/pages"}],"about":[{"href":"https:\/\/kiel-hilft.de\/index.php\/wp-json\/wp\/v2\/types\/page"}],"author":[{"embeddable":true,"href":"https:\/\/kiel-hilft.de\/index.php\/wp-json\/wp\/v2\/users\/5"}],"replies":[{"embeddable":true,"href":"https:\/\/kiel-hilft.de\/index.php\/wp-json\/wp\/v2\/comments?post=79"}],"version-history":[{"count":44,"href":"https:\/\/kiel-hilft.de\/index.php\/wp-json\/wp\/v2\/pages\/79\/revisions"}],"predecessor-version":[{"id":769,"href":"https:\/\/kiel-hilft.de\/index.php\/wp-json\/wp\/v2\/pages\/79\/revisions\/769"}],"wp:attachment":[{"href":"https:\/\/kiel-hilft.de\/index.php\/wp-json\/wp\/v2\/media?parent=79"}],"curies":[{"name":"wp","href":"https:\/\/api.w.org\/{rel}","templated":true}]}}