{"id":81,"date":"2018-08-01T19:29:43","date_gmt":"2018-08-01T19:29:43","guid":{"rendered":"https:\/\/kielhilft.marcweidemueller.de\/wordpress\/?page_id=81"},"modified":"2025-03-21T12:13:42","modified_gmt":"2025-03-21T11:13:42","slug":"projekte","status":"publish","type":"page","link":"https:\/\/kiel-hilft.de\/","title":{"rendered":"Home"},"content":{"rendered":"\n<h2 class=\"wp-block-heading\">Willkommen bei Kiel hilft e.V.<\/h2>\n\n\n\n<div class=\"wp-block-media-text is-stacked-on-mobile is-vertically-aligned-center\" style=\"grid-template-columns:66% auto\"><figure class=\"wp-block-media-text__media\"><img loading=\"lazy\" decoding=\"async\" width=\"1024\" height=\"654\" src=\"https:\/\/kiel-hilft.de\/wp-content\/uploads\/2024\/10\/PSX_20240923_102032neu-5-1024x654.jpg\" alt=\"\" class=\"wp-image-746 size-full\" srcset=\"https:\/\/kiel-hilft.de\/wp-content\/uploads\/2024\/10\/PSX_20240923_102032neu-5-1024x654.jpg 1024w, https:\/\/kiel-hilft.de\/wp-content\/uploads\/2024\/10\/PSX_20240923_102032neu-5-300x192.jpg 300w, https:\/\/kiel-hilft.de\/wp-content\/uploads\/2024\/10\/PSX_20240923_102032neu-5-768x491.jpg 768w, https:\/\/kiel-hilft.de\/wp-content\/uploads\/2024\/10\/PSX_20240923_102032neu-5-1536x981.jpg 1536w, https:\/\/kiel-hilft.de\/wp-content\/uploads\/2024\/10\/PSX_20240923_102032neu-5-2048x1308.jpg 2048w, https:\/\/kiel-hilft.de\/wp-content\/uploads\/2024\/10\/PSX_20240923_102032neu-5-595x380.jpg 595w\" sizes=\"(max-width: 1024px) 100vw, 1024px\" \/><\/figure><div class=\"wp-block-media-text__content\">\n<p><strong>Wir sind eine B\u00fcrgerinitiative, die sich seit August 2015 f\u00fcr die Unterst\u00fctzung von gefl\u00fcchteten und hilfebed\u00fcrftigen Menschen in Kiel engagiert. Was als Sammeln und Verteilen von Sachspenden begann, hat sich zu einem umfassenden Integrationsprojekt entwickelt.<\/strong>         <strong>Als gemeinn\u00fctziger Verein setzen wir uns weiterhin f\u00fcr eine offene und unterst\u00fctzende Gemeinschaft ein.<\/strong><\/p>\n<\/div><\/div>\n\n\n\n<p><\/p>\n\n\n\n<p>Werde Teil unserer Initiative und hilf uns dabei, ein Zuhause f\u00fcr alle zu schaffen!<\/p>\n\n\n\n<p>Wir freuen uns auf jeden, der sich gerne bei uns aktiv einbringen m\u00f6chte. Habt ihr ein eigenes Projekt oder wollt eine Idee in der Fl\u00fcchtlingsarbeit umsetzen, dann schreibt uns an <a href=\"mailto:vorstand@kiel-hilft.de\">vorstand@kiel-hilft.de<\/a><\/p>\n\n\n\n<p><\/p>\n\n\n\n<hr class=\"wp-block-separator has-alpha-channel-opacity\"\/>\n\n\n\n<div class=\"wp-block-group\"><div class=\"wp-block-group__inner-container is-layout-constrained wp-block-group-is-layout-constrained\">\n<h1 class=\"wp-block-heading has-text-align-center\">Unsere Projekte<\/h1>\n\n\n\n<hr class=\"wp-block-separator has-alpha-channel-opacity\"\/>\n\n\n\n<h2 class=\"wp-block-heading\">. Projekt Begegnungsst\u00e4tte Waisenhof<\/h2>\n\n\n\n<div class=\"wp-block-columns is-layout-flex wp-container-core-columns-is-layout-1 wp-block-columns-is-layout-flex\">\n<div class=\"wp-block-column is-layout-flow wp-block-column-is-layout-flow\" style=\"flex-basis:100%\">\n<p>Mit Unterst\u00fctzung der Stadt Kiel betreibt Kiel hilft e.V. die Begegnungsst\u00e4tte Waisenhof. Ein Ort, an dem viele soziale Projekte stattfinden und Begegnungen der verschiedensten Art stattfinden. Wir bieten gemeinn\u00fctzigen Initiativen und Vereinen Kiels die M\u00f6glichkeit, ihre Projekte in den R\u00e4umen des Waisenhofs zu realisieren. Sofern auch Du Interesse an der Realisierung eines solchen Projekts hast, kannst Du uns gerne unter Vorstand@kiel-hilft.de anschreiben und wir besprechen gemeinsam die Realisierung Deines Projekts im Waisenhof.<\/p>\n\n\n\n<figure class=\"wp-block-gallery has-nested-images columns-default is-cropped wp-block-gallery-1 is-layout-flex wp-block-gallery-is-layout-flex\">\n<figure class=\"wp-block-image size-large\"><img loading=\"lazy\" decoding=\"async\" width=\"1024\" height=\"694\" src=\"https:\/\/kiel-hilft.de\/wp-content\/uploads\/2024\/02\/H2-3-1024x694.jpg\" alt=\"\" class=\"wp-image-591\" srcset=\"https:\/\/kiel-hilft.de\/wp-content\/uploads\/2024\/02\/H2-3-1024x694.jpg 1024w, https:\/\/kiel-hilft.de\/wp-content\/uploads\/2024\/02\/H2-3-300x203.jpg 300w, https:\/\/kiel-hilft.de\/wp-content\/uploads\/2024\/02\/H2-3-768x521.jpg 768w, https:\/\/kiel-hilft.de\/wp-content\/uploads\/2024\/02\/H2-3-1536x1041.jpg 1536w, https:\/\/kiel-hilft.de\/wp-content\/uploads\/2024\/02\/H2-3-561x380.jpg 561w, https:\/\/kiel-hilft.de\/wp-content\/uploads\/2024\/02\/H2-3.jpg 2048w\" sizes=\"(max-width: 1024px) 100vw, 1024px\" \/><\/figure>\n\n\n\n<figure class=\"wp-block-image size-large\"><img loading=\"lazy\" decoding=\"async\" width=\"1024\" height=\"768\" src=\"https:\/\/kiel-hilft.de\/wp-content\/uploads\/2024\/02\/e17-1-1024x768.jpg\" alt=\"\" class=\"wp-image-593\" srcset=\"https:\/\/kiel-hilft.de\/wp-content\/uploads\/2024\/02\/e17-1-1024x768.jpg 1024w, https:\/\/kiel-hilft.de\/wp-content\/uploads\/2024\/02\/e17-1-300x225.jpg 300w, https:\/\/kiel-hilft.de\/wp-content\/uploads\/2024\/02\/e17-1-768x576.jpg 768w, https:\/\/kiel-hilft.de\/wp-content\/uploads\/2024\/02\/e17-1-1536x1152.jpg 1536w, https:\/\/kiel-hilft.de\/wp-content\/uploads\/2024\/02\/e17-1-507x380.jpg 507w, https:\/\/kiel-hilft.de\/wp-content\/uploads\/2024\/02\/e17-1.jpg 2048w\" sizes=\"(max-width: 1024px) 100vw, 1024px\" \/><\/figure>\n<\/figure>\n<\/div>\n<\/div>\n<\/div><\/div>\n\n\n\n<hr class=\"wp-block-separator has-alpha-channel-opacity\"\/>\n\n\n\n<div class=\"wp-block-columns is-layout-flex wp-container-core-columns-is-layout-2 wp-block-columns-is-layout-flex\">\n<div class=\"wp-block-column is-layout-flow wp-block-column-is-layout-flow\" style=\"flex-basis:100%\">\n<h2 class=\"wp-block-heading\" style=\"text-align: left;\">. Sprachtreffs<\/h2>\n\n\n\n<p><strong>Wir bieten drei offene Sprachtreffs immer Dienstag, Mittwoch und Freitag, jeweils von 17 bis 19 Uhr in der Waisenhofstra\u00dfe 3 in Kiel an.&nbsp; <\/strong><strong>Der Eingang des Geb\u00e4udes ist &#8222;Kleiner Kuhberg 14&#8220;.<\/strong><\/p>\n<p>Besondere Bedeutung f\u00fcr die Integration von Gefl\u00fcchteten hat das Erlernen der deutschen Sprache. Leider reichen die offiziellen Sprachkurse hierf\u00fcr nicht aus und es bedarf ehrenamtlicher Unterst\u00fctzung. Die Sprachtreffs von Kiel hilft finden in lockerer Athmosph\u00e4re statt und richten sich ganz spontan nach den Bed\u00fcrfnissen der anwesenden Gefl\u00fcchteten. Deutschsprachige Unterst\u00fctzung ist immer willkommen und es bedarf keinerlei Vorkenntnisse.<\/p>\n<p>Ihr braucht euch hierzu weder anmelden noch zu einer st\u00e4ndigen Teilnahme verpflichten. Kommt, wie es Euch passt und erfreut euch bei Kaffee oder Wasser an einem sch\u00f6nen Kl\u00f6nschnack.<\/p>\n\n\n\n<figure class=\"wp-block-gallery has-nested-images columns-default is-cropped wp-block-gallery-2 is-layout-flex wp-block-gallery-is-layout-flex\">\n<figure class=\"wp-block-image size-large\"><img loading=\"lazy\" decoding=\"async\" width=\"1024\" height=\"684\" src=\"https:\/\/kiel-hilft.de\/wp-content\/uploads\/2024\/10\/DSC_7032-1024x684.jpg\" alt=\"\" class=\"wp-image-725\" srcset=\"https:\/\/kiel-hilft.de\/wp-content\/uploads\/2024\/10\/DSC_7032-1024x684.jpg 1024w, https:\/\/kiel-hilft.de\/wp-content\/uploads\/2024\/10\/DSC_7032-300x200.jpg 300w, https:\/\/kiel-hilft.de\/wp-content\/uploads\/2024\/10\/DSC_7032-768x513.jpg 768w, https:\/\/kiel-hilft.de\/wp-content\/uploads\/2024\/10\/DSC_7032-1536x1025.jpg 1536w, https:\/\/kiel-hilft.de\/wp-content\/uploads\/2024\/10\/DSC_7032-2048x1367.jpg 2048w, https:\/\/kiel-hilft.de\/wp-content\/uploads\/2024\/10\/DSC_7032-569x380.jpg 569w\" sizes=\"(max-width: 1024px) 100vw, 1024px\" \/><\/figure>\n<\/figure>\n\n\n\n<p><\/p>\n\n\n\n<figure class=\"wp-block-gallery has-nested-images columns-default is-cropped wp-block-gallery-3 is-layout-flex wp-block-gallery-is-layout-flex\">\n<figure class=\"wp-block-image size-large\"><img loading=\"lazy\" decoding=\"async\" width=\"428\" height=\"241\" src=\"https:\/\/kiel-hilft.de\/wp-content\/uploads\/2024\/02\/spracht-2.jpg\" alt=\"\" class=\"wp-image-663\" srcset=\"https:\/\/kiel-hilft.de\/wp-content\/uploads\/2024\/02\/spracht-2.jpg 428w, https:\/\/kiel-hilft.de\/wp-content\/uploads\/2024\/02\/spracht-2-300x169.jpg 300w\" sizes=\"(max-width: 428px) 100vw, 428px\" \/><\/figure>\n\n\n\n<figure class=\"wp-block-image size-large\"><img loading=\"lazy\" decoding=\"async\" width=\"736\" height=\"414\" src=\"https:\/\/kiel-hilft.de\/wp-content\/uploads\/2024\/11\/Sprachtreff-von-_Kiel-hilft_-im-Wandel-der-Zeit.jpeg\" alt=\"\" class=\"wp-image-761\" srcset=\"https:\/\/kiel-hilft.de\/wp-content\/uploads\/2024\/11\/Sprachtreff-von-_Kiel-hilft_-im-Wandel-der-Zeit.jpeg 736w, https:\/\/kiel-hilft.de\/wp-content\/uploads\/2024\/11\/Sprachtreff-von-_Kiel-hilft_-im-Wandel-der-Zeit-300x169.jpeg 300w, https:\/\/kiel-hilft.de\/wp-content\/uploads\/2024\/11\/Sprachtreff-von-_Kiel-hilft_-im-Wandel-der-Zeit-676x380.jpeg 676w\" sizes=\"(max-width: 736px) 100vw, 736px\" \/><\/figure>\n<\/figure>\n<\/div>\n<\/div>\n\n\n\n\n\n<hr class=\"wp-block-separator has-alpha-channel-opacity\"\/>\n\n\n\n<h2 class=\"wp-block-heading\" style=\"text-align: left;\">. Freizeit gestalten<\/h2>\n\n\n\n<p>Gefl\u00fcchtete Menschen m\u00fcssen auf die endg\u00fcltigen Entscheidung \u00fcber ihren Asylantrag oft Monate lang warten. In dieser Zeit d\u00fcrfen sie nicht arbeiten, haben oftmals keinen Zugang zu offiziellen Sprachkursen und d\u00fcrfen die Stadt nicht verlassen. Sie sind sozusagen zum Nichtstun verdammt. Wir unterbreiten Gefl\u00fcchteten Freizeitangebote, die ihnen ein wenig Ablenkung von ihren Sorgen und Problemen bieten.<\/p>\n\n\n\n<figure class=\"wp-block-gallery has-nested-images columns-default is-cropped wp-block-gallery-4 is-layout-flex wp-block-gallery-is-layout-flex\">\n<figure class=\"wp-block-image size-large\"><img loading=\"lazy\" decoding=\"async\" width=\"1024\" height=\"682\" data-id=\"603\" src=\"https:\/\/kiel-hilft.de\/wp-content\/uploads\/2024\/02\/fr1-2-1024x682.jpg\" alt=\"\" class=\"wp-image-603\" srcset=\"https:\/\/kiel-hilft.de\/wp-content\/uploads\/2024\/02\/fr1-2-1024x682.jpg 1024w, https:\/\/kiel-hilft.de\/wp-content\/uploads\/2024\/02\/fr1-2-300x200.jpg 300w, https:\/\/kiel-hilft.de\/wp-content\/uploads\/2024\/02\/fr1-2-768x511.jpg 768w, https:\/\/kiel-hilft.de\/wp-content\/uploads\/2024\/02\/fr1-2-1536x1022.jpg 1536w, https:\/\/kiel-hilft.de\/wp-content\/uploads\/2024\/02\/fr1-2-571x380.jpg 571w, https:\/\/kiel-hilft.de\/wp-content\/uploads\/2024\/02\/fr1-2.jpg 2046w\" sizes=\"(max-width: 1024px) 100vw, 1024px\" \/><\/figure>\n\n\n\n<figure class=\"wp-block-image size-large\"><img loading=\"lazy\" decoding=\"async\" width=\"1024\" height=\"682\" data-id=\"599\" src=\"https:\/\/kiel-hilft.de\/wp-content\/uploads\/2024\/02\/fr2-1-1024x682.jpg\" alt=\"\" class=\"wp-image-599\" srcset=\"https:\/\/kiel-hilft.de\/wp-content\/uploads\/2024\/02\/fr2-1-1024x682.jpg 1024w, https:\/\/kiel-hilft.de\/wp-content\/uploads\/2024\/02\/fr2-1-300x200.jpg 300w, https:\/\/kiel-hilft.de\/wp-content\/uploads\/2024\/02\/fr2-1-768x511.jpg 768w, https:\/\/kiel-hilft.de\/wp-content\/uploads\/2024\/02\/fr2-1-1536x1022.jpg 1536w, https:\/\/kiel-hilft.de\/wp-content\/uploads\/2024\/02\/fr2-1-571x380.jpg 571w, https:\/\/kiel-hilft.de\/wp-content\/uploads\/2024\/02\/fr2-1.jpg 2046w\" sizes=\"(max-width: 1024px) 100vw, 1024px\" \/><\/figure>\n\n\n\n<figure class=\"wp-block-image size-large\"><img loading=\"lazy\" decoding=\"async\" width=\"682\" height=\"1024\" data-id=\"598\" src=\"https:\/\/kiel-hilft.de\/wp-content\/uploads\/2024\/02\/fr3-2-682x1024.jpg\" alt=\"\" class=\"wp-image-598\" srcset=\"https:\/\/kiel-hilft.de\/wp-content\/uploads\/2024\/02\/fr3-2-682x1024.jpg 682w, https:\/\/kiel-hilft.de\/wp-content\/uploads\/2024\/02\/fr3-2-200x300.jpg 200w, https:\/\/kiel-hilft.de\/wp-content\/uploads\/2024\/02\/fr3-2-768x1154.jpg 768w, https:\/\/kiel-hilft.de\/wp-content\/uploads\/2024\/02\/fr3-2-1022x1536.jpg 1022w, https:\/\/kiel-hilft.de\/wp-content\/uploads\/2024\/02\/fr3-2-253x380.jpg 253w, https:\/\/kiel-hilft.de\/wp-content\/uploads\/2024\/02\/fr3-2.jpg 1362w\" sizes=\"(max-width: 682px) 100vw, 682px\" \/><\/figure>\n\n\n\n<figure class=\"wp-block-image size-large\"><img loading=\"lazy\" decoding=\"async\" width=\"1024\" height=\"682\" data-id=\"601\" src=\"https:\/\/kiel-hilft.de\/wp-content\/uploads\/2024\/02\/fr4-1-1024x682.jpg\" alt=\"\" class=\"wp-image-601\" srcset=\"https:\/\/kiel-hilft.de\/wp-content\/uploads\/2024\/02\/fr4-1-1024x682.jpg 1024w, https:\/\/kiel-hilft.de\/wp-content\/uploads\/2024\/02\/fr4-1-300x200.jpg 300w, https:\/\/kiel-hilft.de\/wp-content\/uploads\/2024\/02\/fr4-1-768x511.jpg 768w, https:\/\/kiel-hilft.de\/wp-content\/uploads\/2024\/02\/fr4-1-1536x1022.jpg 1536w, https:\/\/kiel-hilft.de\/wp-content\/uploads\/2024\/02\/fr4-1-571x380.jpg 571w, https:\/\/kiel-hilft.de\/wp-content\/uploads\/2024\/02\/fr4-1.jpg 2046w\" sizes=\"(max-width: 1024px) 100vw, 1024px\" \/><\/figure>\n\n\n\n<figure class=\"wp-block-image size-large\"><img loading=\"lazy\" decoding=\"async\" width=\"682\" height=\"1024\" data-id=\"600\" src=\"https:\/\/kiel-hilft.de\/wp-content\/uploads\/2024\/02\/fr5-1-682x1024.jpg\" alt=\"\" class=\"wp-image-600\" srcset=\"https:\/\/kiel-hilft.de\/wp-content\/uploads\/2024\/02\/fr5-1-682x1024.jpg 682w, https:\/\/kiel-hilft.de\/wp-content\/uploads\/2024\/02\/fr5-1-200x300.jpg 200w, https:\/\/kiel-hilft.de\/wp-content\/uploads\/2024\/02\/fr5-1-768x1154.jpg 768w, https:\/\/kiel-hilft.de\/wp-content\/uploads\/2024\/02\/fr5-1-1022x1536.jpg 1022w, https:\/\/kiel-hilft.de\/wp-content\/uploads\/2024\/02\/fr5-1-253x380.jpg 253w, https:\/\/kiel-hilft.de\/wp-content\/uploads\/2024\/02\/fr5-1.jpg 1362w\" sizes=\"(max-width: 682px) 100vw, 682px\" \/><\/figure>\n\n\n\n<figure class=\"wp-block-image size-large\"><img loading=\"lazy\" decoding=\"async\" width=\"1024\" height=\"682\" data-id=\"602\" src=\"https:\/\/kiel-hilft.de\/wp-content\/uploads\/2024\/02\/fr6-1-1024x682.jpg\" alt=\"\" class=\"wp-image-602\" srcset=\"https:\/\/kiel-hilft.de\/wp-content\/uploads\/2024\/02\/fr6-1-1024x682.jpg 1024w, https:\/\/kiel-hilft.de\/wp-content\/uploads\/2024\/02\/fr6-1-300x200.jpg 300w, https:\/\/kiel-hilft.de\/wp-content\/uploads\/2024\/02\/fr6-1-768x511.jpg 768w, https:\/\/kiel-hilft.de\/wp-content\/uploads\/2024\/02\/fr6-1-1536x1022.jpg 1536w, https:\/\/kiel-hilft.de\/wp-content\/uploads\/2024\/02\/fr6-1-571x380.jpg 571w, https:\/\/kiel-hilft.de\/wp-content\/uploads\/2024\/02\/fr6-1.jpg 2046w\" sizes=\"(max-width: 1024px) 100vw, 1024px\" \/><\/figure>\n<\/figure>\n\n\n\n<p><\/p>\n\n\n\n<hr class=\"wp-block-separator has-alpha-channel-opacity\"\/>\n\n\n\n<h2 class=\"wp-block-heading\" style=\"text-align: left;\">. Offener N\u00e4htreff<\/h2>\n\n\n\n<p><strong>Ihr habt Interesse am N\u00e4hen? Dann seid ihr bei Barbara genau richtig. Sie bietet Donnerstags 14-18 Uhr einen offenen N\u00e4htreff an. Bei Interesse erreicht Ihr sie am besten unter <a href=\"mailto:naehen@kiel-hilft.de\">naehen@kiel-hilft.de<\/a><\/strong><\/p>\n\n\n\n<figure class=\"wp-block-gallery has-nested-images columns-default is-cropped wp-block-gallery-5 is-layout-flex wp-block-gallery-is-layout-flex\">\n<figure class=\"wp-block-image size-large\"><img loading=\"lazy\" decoding=\"async\" width=\"1024\" height=\"967\" data-id=\"610\" src=\"https:\/\/kiel-hilft.de\/wp-content\/uploads\/2024\/02\/N2-1-1024x967.jpg\" alt=\"\" class=\"wp-image-610\" srcset=\"https:\/\/kiel-hilft.de\/wp-content\/uploads\/2024\/02\/N2-1-1024x967.jpg 1024w, https:\/\/kiel-hilft.de\/wp-content\/uploads\/2024\/02\/N2-1-300x283.jpg 300w, https:\/\/kiel-hilft.de\/wp-content\/uploads\/2024\/02\/N2-1-768x725.jpg 768w, https:\/\/kiel-hilft.de\/wp-content\/uploads\/2024\/02\/N2-1-402x380.jpg 402w, https:\/\/kiel-hilft.de\/wp-content\/uploads\/2024\/02\/N2-1.jpg 1271w\" sizes=\"(max-width: 1024px) 100vw, 1024px\" \/><\/figure>\n\n\n\n<figure class=\"wp-block-image size-large\"><img loading=\"lazy\" decoding=\"async\" width=\"1024\" height=\"768\" data-id=\"608\" src=\"https:\/\/kiel-hilft.de\/wp-content\/uploads\/2024\/02\/N5-1-1024x768.jpg\" alt=\"\" class=\"wp-image-608\" srcset=\"https:\/\/kiel-hilft.de\/wp-content\/uploads\/2024\/02\/N5-1-1024x768.jpg 1024w, https:\/\/kiel-hilft.de\/wp-content\/uploads\/2024\/02\/N5-1-300x225.jpg 300w, https:\/\/kiel-hilft.de\/wp-content\/uploads\/2024\/02\/N5-1-768x576.jpg 768w, https:\/\/kiel-hilft.de\/wp-content\/uploads\/2024\/02\/N5-1-1536x1152.jpg 1536w, https:\/\/kiel-hilft.de\/wp-content\/uploads\/2024\/02\/N5-1-507x380.jpg 507w, https:\/\/kiel-hilft.de\/wp-content\/uploads\/2024\/02\/N5-1.jpg 1600w\" sizes=\"(max-width: 1024px) 100vw, 1024px\" \/><\/figure>\n\n\n\n<figure class=\"wp-block-image size-large\"><img loading=\"lazy\" decoding=\"async\" width=\"1024\" height=\"768\" data-id=\"609\" src=\"https:\/\/kiel-hilft.de\/wp-content\/uploads\/2024\/02\/N6-1-1024x768.jpg\" alt=\"\" class=\"wp-image-609\" srcset=\"https:\/\/kiel-hilft.de\/wp-content\/uploads\/2024\/02\/N6-1-1024x768.jpg 1024w, https:\/\/kiel-hilft.de\/wp-content\/uploads\/2024\/02\/N6-1-300x225.jpg 300w, https:\/\/kiel-hilft.de\/wp-content\/uploads\/2024\/02\/N6-1-768x576.jpg 768w, https:\/\/kiel-hilft.de\/wp-content\/uploads\/2024\/02\/N6-1-1536x1152.jpg 1536w, https:\/\/kiel-hilft.de\/wp-content\/uploads\/2024\/02\/N6-1-507x380.jpg 507w, https:\/\/kiel-hilft.de\/wp-content\/uploads\/2024\/02\/N6-1.jpg 1600w\" sizes=\"(max-width: 1024px) 100vw, 1024px\" \/><\/figure>\n\n\n\n<figure class=\"wp-block-image size-large\"><img loading=\"lazy\" decoding=\"async\" width=\"1024\" height=\"768\" data-id=\"607\" src=\"https:\/\/kiel-hilft.de\/wp-content\/uploads\/2024\/02\/N7-1-1024x768.jpg\" alt=\"\" class=\"wp-image-607\" srcset=\"https:\/\/kiel-hilft.de\/wp-content\/uploads\/2024\/02\/N7-1-1024x768.jpg 1024w, https:\/\/kiel-hilft.de\/wp-content\/uploads\/2024\/02\/N7-1-300x225.jpg 300w, https:\/\/kiel-hilft.de\/wp-content\/uploads\/2024\/02\/N7-1-768x576.jpg 768w, https:\/\/kiel-hilft.de\/wp-content\/uploads\/2024\/02\/N7-1-507x380.jpg 507w, https:\/\/kiel-hilft.de\/wp-content\/uploads\/2024\/02\/N7-1.jpg 1152w\" sizes=\"(max-width: 1024px) 100vw, 1024px\" \/><\/figure>\n\n\n\n<figure class=\"wp-block-image size-large\"><img loading=\"lazy\" decoding=\"async\" width=\"1024\" height=\"768\" data-id=\"605\" src=\"https:\/\/kiel-hilft.de\/wp-content\/uploads\/2024\/02\/N8-1-1024x768.jpg\" alt=\"\" class=\"wp-image-605\" srcset=\"https:\/\/kiel-hilft.de\/wp-content\/uploads\/2024\/02\/N8-1-1024x768.jpg 1024w, https:\/\/kiel-hilft.de\/wp-content\/uploads\/2024\/02\/N8-1-300x225.jpg 300w, https:\/\/kiel-hilft.de\/wp-content\/uploads\/2024\/02\/N8-1-768x576.jpg 768w, https:\/\/kiel-hilft.de\/wp-content\/uploads\/2024\/02\/N8-1-507x380.jpg 507w, https:\/\/kiel-hilft.de\/wp-content\/uploads\/2024\/02\/N8-1.jpg 1152w\" sizes=\"(max-width: 1024px) 100vw, 1024px\" \/><\/figure>\n\n\n\n<figure class=\"wp-block-image size-large\"><img loading=\"lazy\" decoding=\"async\" width=\"315\" height=\"315\" data-id=\"604\" src=\"https:\/\/kiel-hilft.de\/wp-content\/uploads\/2024\/02\/N9-1.jpg\" alt=\"\" class=\"wp-image-604\" srcset=\"https:\/\/kiel-hilft.de\/wp-content\/uploads\/2024\/02\/N9-1.jpg 315w, https:\/\/kiel-hilft.de\/wp-content\/uploads\/2024\/02\/N9-1-300x300.jpg 300w, https:\/\/kiel-hilft.de\/wp-content\/uploads\/2024\/02\/N9-1-150x150.jpg 150w, https:\/\/kiel-hilft.de\/wp-content\/uploads\/2024\/02\/N9-1-90x90.jpg 90w\" sizes=\"(max-width: 315px) 100vw, 315px\" \/><\/figure>\n<\/figure>\n\n\n\n<p><\/p>\n\n\n\n\n\n\n\n<hr class=\"wp-block-separator has-alpha-channel-opacity\"\/>\n\n\n\n<h2 class=\"wp-block-heading\" style=\"text-align: left;\">. Offene Fahrrad-Selbsthilfe-Werkstatt<\/h2>\n\n\n\n<p>Wer Probleme mit seinem Fahrrad hat oder nicht das passende Werkzeug f\u00fcr kleinere oder gr\u00f6\u00dfere Reparaturen besitzt, kann unter fachkundiger Anleitung sein Rad selbst wieder fahrbereit machen. Mit wenigen Ausnahmen bekommt man am normalen Fahrrad fast alles leicht in den Griff.&nbsp;<\/p>\n<p>Des Weiteren werden Fahrradspenden jeder Art entgegengenommen, sowie alte Fahrr\u00e4der aufgearbeitet und kostenlos an Bed\u00fcrftige abgegeben. Freiwillige, ehrenamtliche Mithelfer sind willkommen.<\/p>\n<p><strong>Bitte meldet euch f\u00fcr Einzeltermine und Fragen bei Michael \u00fcber <a class=\"mailto-link\" href=\"mailto:fahrradreparatur@kiel-hilft.de\" target=\"_blank\" rel=\"noopener\">fahrradreparatur@kiel-hilft.de<\/a>.<\/strong><\/p>\n\n\n\n<p><\/p>\n\n\n\n<figure class=\"wp-block-gallery has-nested-images columns-default is-cropped wp-block-gallery-6 is-layout-flex wp-block-gallery-is-layout-flex\">\n<figure class=\"wp-block-image size-large\"><img loading=\"lazy\" decoding=\"async\" width=\"500\" height=\"667\" data-id=\"739\" src=\"https:\/\/kiel-hilft.de\/wp-content\/uploads\/2024\/10\/projectGallery-2024-05-27T19_05_47.000Z-xl-rgb.jpeg\" alt=\"\" class=\"wp-image-739\" srcset=\"https:\/\/kiel-hilft.de\/wp-content\/uploads\/2024\/10\/projectGallery-2024-05-27T19_05_47.000Z-xl-rgb.jpeg 500w, https:\/\/kiel-hilft.de\/wp-content\/uploads\/2024\/10\/projectGallery-2024-05-27T19_05_47.000Z-xl-rgb-225x300.jpeg 225w, https:\/\/kiel-hilft.de\/wp-content\/uploads\/2024\/10\/projectGallery-2024-05-27T19_05_47.000Z-xl-rgb-285x380.jpeg 285w\" sizes=\"(max-width: 500px) 100vw, 500px\" \/><\/figure>\n\n\n\n<figure class=\"wp-block-image size-full\"><img loading=\"lazy\" decoding=\"async\" width=\"609\" height=\"621\" data-id=\"639\" src=\"https:\/\/kiel-hilft.de\/wp-content\/uploads\/2024\/02\/istockphoto-530289347-1024x1024-3.jpg\" alt=\"\" class=\"wp-image-639\" srcset=\"https:\/\/kiel-hilft.de\/wp-content\/uploads\/2024\/02\/istockphoto-530289347-1024x1024-3.jpg 609w, https:\/\/kiel-hilft.de\/wp-content\/uploads\/2024\/02\/istockphoto-530289347-1024x1024-3-294x300.jpg 294w, https:\/\/kiel-hilft.de\/wp-content\/uploads\/2024\/02\/istockphoto-530289347-1024x1024-3-373x380.jpg 373w\" sizes=\"(max-width: 609px) 100vw, 609px\" \/><\/figure>\n\n\n\n<figure class=\"wp-block-image size-large\"><img loading=\"lazy\" decoding=\"async\" width=\"500\" height=\"375\" data-id=\"736\" src=\"https:\/\/kiel-hilft.de\/wp-content\/uploads\/2024\/10\/projectGallery-2024-05-27T19_05_47.219Z-xl-rgb.jpeg\" alt=\"\" class=\"wp-image-736\" srcset=\"https:\/\/kiel-hilft.de\/wp-content\/uploads\/2024\/10\/projectGallery-2024-05-27T19_05_47.219Z-xl-rgb.jpeg 500w, https:\/\/kiel-hilft.de\/wp-content\/uploads\/2024\/10\/projectGallery-2024-05-27T19_05_47.219Z-xl-rgb-300x225.jpeg 300w\" sizes=\"(max-width: 500px) 100vw, 500px\" \/><\/figure>\n\n\n\n<figure class=\"wp-block-image size-large\"><img loading=\"lazy\" decoding=\"async\" width=\"1024\" height=\"684\" data-id=\"613\" src=\"https:\/\/kiel-hilft.de\/wp-content\/uploads\/2024\/02\/bicycle-3418215_1280-1024x684.jpg\" alt=\"\" class=\"wp-image-613\" srcset=\"https:\/\/kiel-hilft.de\/wp-content\/uploads\/2024\/02\/bicycle-3418215_1280-1024x684.jpg 1024w, https:\/\/kiel-hilft.de\/wp-content\/uploads\/2024\/02\/bicycle-3418215_1280-300x200.jpg 300w, https:\/\/kiel-hilft.de\/wp-content\/uploads\/2024\/02\/bicycle-3418215_1280-768x513.jpg 768w, https:\/\/kiel-hilft.de\/wp-content\/uploads\/2024\/02\/bicycle-3418215_1280-569x380.jpg 569w, https:\/\/kiel-hilft.de\/wp-content\/uploads\/2024\/02\/bicycle-3418215_1280.jpg 1280w\" sizes=\"(max-width: 1024px) 100vw, 1024px\" \/><\/figure>\n<\/figure>\n\n\n\n<p><\/p>\n\n\n\n<hr class=\"wp-block-separator has-alpha-channel-opacity\"\/>\n\n\n\n<h2 class=\"wp-block-heading has-text-align-left\">. Kleiderkammer f\u00fcr Gefl\u00fcchtete<\/h2>\n\n\n\n<p>Wir versorgen in der Kleiderkammer die ca. 800 Bewohner*innen der Arkonastra\u00dfe. Dabei helfen wir nicht nur den Gefl\u00fcchteten aus der Ukraine, sondern auch Bewohner*innen der Familienunterkunft und Frauen aus der Frauennotunterkunft. Wir verteilen an 3 Tagen in der Woche gespendete Kleidung aber auch Artikel f\u00fcr Babys.<\/p>\n<p>Im Team haben wir ca. 20 regelm\u00e4\u00dfig Aktive aber auch Menschen, die uns nur ab und an mal helfen. Immer mal wieder haben wir auch Aktionstage an denen wir gemeinsam Aufr\u00e4umen oder auch Spenden annehmen und sortieren.<\/p>\n<p>F\u00fcr Sachspenden wie Kleidung, Babysachen, Lebensmittel, Spielzeug usw. schreibe uns gerne an: <a rel=\"noopener\">spenden@kiel-hilft.de<\/a> oder direkt an <a rel=\"noopener\">vorstand@kiel-hilft.de<\/a>.<\/p>\n<p>Wir freuen uns immer \u00fcber Unterst\u00fctzung.<\/p>\n<p>Wer m\u00f6chte kann sich unter <a rel=\"noopener\"> ehrenamtliche-arkona<\/a><a rel=\"noopener\">@kiel-hilft.de<\/a>&nbsp;melden.&nbsp;<\/p>\n\n\n\n<figure class=\"wp-block-gallery has-nested-images columns-default is-cropped wp-block-gallery-7 is-layout-flex wp-block-gallery-is-layout-flex\">\n<figure class=\"wp-block-image size-full\"><img loading=\"lazy\" decoding=\"async\" width=\"538\" height=\"720\" data-id=\"667\" src=\"https:\/\/kiel-hilft.de\/wp-content\/uploads\/2024\/02\/2022-09-08_Bild01.jpg\" alt=\"\" class=\"wp-image-667\" srcset=\"https:\/\/kiel-hilft.de\/wp-content\/uploads\/2024\/02\/2022-09-08_Bild01.jpg 538w, https:\/\/kiel-hilft.de\/wp-content\/uploads\/2024\/02\/2022-09-08_Bild01-224x300.jpg 224w, https:\/\/kiel-hilft.de\/wp-content\/uploads\/2024\/02\/2022-09-08_Bild01-284x380.jpg 284w\" sizes=\"(max-width: 538px) 100vw, 538px\" \/><\/figure>\n\n\n\n<figure class=\"wp-block-image size-large\"><img loading=\"lazy\" decoding=\"async\" width=\"768\" height=\"1024\" data-id=\"741\" src=\"https:\/\/kiel-hilft.de\/wp-content\/uploads\/2024\/10\/IMG-20240604-WA0005-768x1024.jpg\" alt=\"\" class=\"wp-image-741\" srcset=\"https:\/\/kiel-hilft.de\/wp-content\/uploads\/2024\/10\/IMG-20240604-WA0005-768x1024.jpg 768w, https:\/\/kiel-hilft.de\/wp-content\/uploads\/2024\/10\/IMG-20240604-WA0005-225x300.jpg 225w, https:\/\/kiel-hilft.de\/wp-content\/uploads\/2024\/10\/IMG-20240604-WA0005-1152x1536.jpg 1152w, https:\/\/kiel-hilft.de\/wp-content\/uploads\/2024\/10\/IMG-20240604-WA0005-1536x2048.jpg 1536w, https:\/\/kiel-hilft.de\/wp-content\/uploads\/2024\/10\/IMG-20240604-WA0005-285x380.jpg 285w, https:\/\/kiel-hilft.de\/wp-content\/uploads\/2024\/10\/IMG-20240604-WA0005-scaled.jpg 1920w\" sizes=\"(max-width: 768px) 100vw, 768px\" \/><\/figure>\n\n\n\n<figure class=\"wp-block-image size-large\"><img loading=\"lazy\" decoding=\"async\" width=\"1024\" height=\"768\" data-id=\"614\" src=\"https:\/\/kiel-hilft.de\/wp-content\/uploads\/2024\/02\/l3-1-1024x768.jpg\" alt=\"\" class=\"wp-image-614\" srcset=\"https:\/\/kiel-hilft.de\/wp-content\/uploads\/2024\/02\/l3-1-1024x768.jpg 1024w, https:\/\/kiel-hilft.de\/wp-content\/uploads\/2024\/02\/l3-1-300x225.jpg 300w, https:\/\/kiel-hilft.de\/wp-content\/uploads\/2024\/02\/l3-1-768x576.jpg 768w, https:\/\/kiel-hilft.de\/wp-content\/uploads\/2024\/02\/l3-1-1536x1152.jpg 1536w, https:\/\/kiel-hilft.de\/wp-content\/uploads\/2024\/02\/l3-1-507x380.jpg 507w, https:\/\/kiel-hilft.de\/wp-content\/uploads\/2024\/02\/l3-1.jpg 1600w\" sizes=\"(max-width: 1024px) 100vw, 1024px\" \/><\/figure>\n\n\n\n<figure class=\"wp-block-image size-large\"><img loading=\"lazy\" decoding=\"async\" width=\"1024\" height=\"768\" data-id=\"617\" src=\"https:\/\/kiel-hilft.de\/wp-content\/uploads\/2024\/02\/l1-1-1024x768.jpg\" alt=\"\" class=\"wp-image-617\" srcset=\"https:\/\/kiel-hilft.de\/wp-content\/uploads\/2024\/02\/l1-1-1024x768.jpg 1024w, https:\/\/kiel-hilft.de\/wp-content\/uploads\/2024\/02\/l1-1-300x225.jpg 300w, https:\/\/kiel-hilft.de\/wp-content\/uploads\/2024\/02\/l1-1-768x576.jpg 768w, https:\/\/kiel-hilft.de\/wp-content\/uploads\/2024\/02\/l1-1-1536x1152.jpg 1536w, https:\/\/kiel-hilft.de\/wp-content\/uploads\/2024\/02\/l1-1-507x380.jpg 507w, https:\/\/kiel-hilft.de\/wp-content\/uploads\/2024\/02\/l1-1.jpg 2016w\" sizes=\"(max-width: 1024px) 100vw, 1024px\" \/><\/figure>\n<\/figure>\n\n\n\n<p><\/p>\n\n\n\n<hr class=\"wp-block-separator has-alpha-channel-opacity\"\/>\n\n\n\n<h2 class=\"wp-block-heading\" style=\"text-align: left;\">. Individuelle Unterst\u00fctzung von Gefl\u00fcchteten<\/h2>\n\n\n\n<div class=\"wp-block-group\"><div class=\"wp-block-group__inner-container is-layout-constrained wp-block-group-is-layout-constrained\"><\/div><\/div>\n\n\n<p>Sehr viele Helferinnen und Helfer haben \u00fcber unsere Aktivit\u00e4ten Gefl\u00fcchtete kennengelernt und unterst\u00fctzen diese vielf\u00e4ltig auf ihren ersten Schritten in Deutschland. Dieses Engagement ist unsere Motivation auch weiterhin \u00fcber unsere Aktivit\u00e4ten Menschen und Gefl\u00fcchtete zusammen zu bringen und somit einen wesentlichen Beitrag zur Integration Gefl\u00fcchteter zu leisten<\/p>\n<p>Die Refugee Law Clinic Kiel ist eine Initiative von Studierenden der Universit\u00e4t Kiel. Wir bieten Ihnen kostenlose Rechtsberatung\u00a0<span class=\"foreign-word\">(pro bono)<\/span>\u00a0zu Fragen des Fl\u00fcchtlingsrechts. Die Beratung findet, als offene Sprechstunde,\u00a0<span class=\"emphasis\">jeden Donnerstag von 14:00 bis 17:00\u00a0Uhr<\/span>\u00a0im Fl\u00fcchtlingsrat, oder nach vorheriger Vereinbarung mittwochs per Zoom statt.<\/p>\n<p>Alle aktuellen Infos werden kurzfristig \u00fcber <a href=\"https:\/\/www.facebook.com\/LawClinicKiel\">Facebook<\/a>\u00a0und\u00a0<a href=\"https:\/\/www.instagram.com\/refugeelawclinickiel\/\">Instagram<\/a>\u00a0ver\u00f6ffentlicht.<\/p>\n<p>Sie k\u00f6nnen auch \u00fcber verschiedene Sozialberatungsstellen Kontakt zu uns aufnehmen oder sich direkt bei uns per E-Mail an\u00a0<a href=\"mailto:termine@law-clinic-kiel.de?subject=Beratungstermin\">termine@law-clinic-kiel.de<\/a>\u00a0melden und einen Beratungstermin ausmachen.<\/p>\n<p>Du m\u00f6chtest auch in Kontakt mit Gefl\u00fcchteten kommen? Dann engagiere dich einfach bei uns oder anderen Gruppen und Initiativen in Kiel!<\/p>\n\n\n<figure class=\"wp-block-gallery has-nested-images columns-default is-cropped wp-block-gallery-8 is-layout-flex wp-block-gallery-is-layout-flex\">\n<figure class=\"wp-block-image size-large\"><img loading=\"lazy\" decoding=\"async\" width=\"1024\" height=\"682\" data-id=\"635\" src=\"https:\/\/kiel-hilft.de\/wp-content\/uploads\/2024\/02\/S3-2-1024x682.jpg\" alt=\"\" class=\"wp-image-635\" srcset=\"https:\/\/kiel-hilft.de\/wp-content\/uploads\/2024\/02\/S3-2-1024x682.jpg 1024w, https:\/\/kiel-hilft.de\/wp-content\/uploads\/2024\/02\/S3-2-300x200.jpg 300w, https:\/\/kiel-hilft.de\/wp-content\/uploads\/2024\/02\/S3-2-768x511.jpg 768w, https:\/\/kiel-hilft.de\/wp-content\/uploads\/2024\/02\/S3-2-1536x1022.jpg 1536w, https:\/\/kiel-hilft.de\/wp-content\/uploads\/2024\/02\/S3-2-571x380.jpg 571w, https:\/\/kiel-hilft.de\/wp-content\/uploads\/2024\/02\/S3-2.jpg 2048w\" sizes=\"(max-width: 1024px) 100vw, 1024px\" \/><\/figure>\n\n\n\n<figure class=\"wp-block-image size-large\"><img loading=\"lazy\" decoding=\"async\" width=\"639\" height=\"480\" data-id=\"637\" src=\"https:\/\/kiel-hilft.de\/wp-content\/uploads\/2024\/02\/tag5-3.jpg\" alt=\"\" class=\"wp-image-637\" srcset=\"https:\/\/kiel-hilft.de\/wp-content\/uploads\/2024\/02\/tag5-3.jpg 639w, https:\/\/kiel-hilft.de\/wp-content\/uploads\/2024\/02\/tag5-3-300x225.jpg 300w, https:\/\/kiel-hilft.de\/wp-content\/uploads\/2024\/02\/tag5-3-506x380.jpg 506w\" sizes=\"(max-width: 639px) 100vw, 639px\" \/><\/figure>\n<\/figure>\n\n\n\n<p><\/p>\n\n\n\n<hr class=\"wp-block-separator has-alpha-channel-opacity\"\/>\n\n\n\n<h2 class=\"wp-block-heading has-text-align-left\">. Vernetzung der Initiativen<\/h2>\n\n\n\n<p>Wir sind st\u00e4ndig bem\u00fcht, uns mit anderen Fl\u00fcchtlings-Hilfsinitiativen zu vernetzen. Wir k\u00f6nnen viel voneinander lernen und uns gegenseitig unterst\u00fctzen. Das gilt nat\u00fcrlich insbesondere f\u00fcr die Initiativen in Kiel und Schleswig-Holstein. Vor allem wollen wir gerne unsere breite \u00d6ffentlichkeit auf Facebook nutzen euch bekannter zu machen.<\/p>\n\n\n\n<figure class=\"wp-block-image size-large\"><img loading=\"lazy\" decoding=\"async\" width=\"1024\" height=\"768\" src=\"https:\/\/kiel-hilft.de\/wp-content\/uploads\/2024\/10\/IMG-20240921-WA0093-1024x768.jpg\" alt=\"\" class=\"wp-image-742\" srcset=\"https:\/\/kiel-hilft.de\/wp-content\/uploads\/2024\/10\/IMG-20240921-WA0093-1024x768.jpg 1024w, https:\/\/kiel-hilft.de\/wp-content\/uploads\/2024\/10\/IMG-20240921-WA0093-300x225.jpg 300w, https:\/\/kiel-hilft.de\/wp-content\/uploads\/2024\/10\/IMG-20240921-WA0093-768x576.jpg 768w, https:\/\/kiel-hilft.de\/wp-content\/uploads\/2024\/10\/IMG-20240921-WA0093-1536x1152.jpg 1536w, https:\/\/kiel-hilft.de\/wp-content\/uploads\/2024\/10\/IMG-20240921-WA0093-2048x1536.jpg 2048w, https:\/\/kiel-hilft.de\/wp-content\/uploads\/2024\/10\/IMG-20240921-WA0093-507x380.jpg 507w\" sizes=\"(max-width: 1024px) 100vw, 1024px\" \/><\/figure>\n\n\n\n<p>In unserer Facebook-Gruppe k\u00f6nnt ihr gerne f\u00fcr eure Aktivit\u00e4ten nach materieller oder personeller Unterst\u00fctzung suchen. Werdet Mitglied und postet euren Bedarf in unserer Facebook-Gruppe&nbsp;<a href=\"https:\/\/www.facebook.com\/groups\/111318555887968\/\">Kiel hilft Fl\u00fcchtlingen<\/a><\/p>\n\n\n\n<p>Auf unserer <a href=\"https:\/\/www.facebook.com\/kielhilftfluechtlingen\/\">Facebook-Seite<\/a> publizieren wir gerne auch eure Veranstaltungen in der Fl\u00fcchtlingshilfe und machen sie so einem gr\u00f6\u00dferem Menschenkreis zug\u00e4nglich. Solltet ihr noch nicht mit uns in Kontakt stehen, scheut euch nicht, uns unter dem Betreff \u201cVernetzung\u201d anzuschreiben: <br><a href=\"mailto:Vorstand@kiel-hilft.de\">Vorstand@kiel-hilft.de<\/a>&nbsp;<\/p>\n\n\n\n\n\n<p>Eine unverbindliche <a href=\"https:\/\/kiel-hilft.de\/index.php\/veranstaltungen\/\">\u00dcbersicht<\/a>.<\/p>\n","protected":false},"excerpt":{"rendered":"<p>Willkommen bei Kiel hilft e.V. Wir sind eine B\u00fcrgerinitiative, die sich seit August 2015 f\u00fcr die Unterst\u00fctzung von gefl\u00fcchteten und hilfebed\u00fcrftigen Menschen in Kiel engagiert. Was als Sammeln und Verteilen von Sachspenden begann, hat sich zu einem umfassenden Integrationsprojekt entwickelt. Als gemeinn\u00fctziger Verein setzen wir uns weiterhin f\u00fcr eine offene und unterst\u00fctzende Gemeinschaft ein. Werde &hellip; <a href=\"https:\/\/kiel-hilft.de\/\" class=\"more-link\">Weiterlesen <span class=\"screen-reader-text\">Home<\/span><\/a><\/p>\n","protected":false},"author":5,"featured_media":0,"parent":0,"menu_order":0,"comment_status":"closed","ping_status":"closed","template":"","meta":{"_mc_calendar":[],"footnotes":""},"class_list":["post-81","page","type-page","status-publish","hentry","without-featured-image"],"yoast_head":"<!-- This site is optimized with the Yoast SEO plugin v25.6 - https:\/\/yoast.com\/wordpress\/plugins\/seo\/ -->\n<title>Home - Kiel Hilft e.V.<\/title>\n<meta name=\"robots\" content=\"index, follow, max-snippet:-1, max-image-preview:large, max-video-preview:-1\" \/>\n<link rel=\"canonical\" href=\"https:\/\/kiel-hilft.de\/\" \/>\n<meta property=\"og:locale\" content=\"de_DE\" \/>\n<meta property=\"og:type\" content=\"article\" \/>\n<meta property=\"og:title\" content=\"Home - Kiel Hilft e.V.\" \/>\n<meta property=\"og:description\" content=\"Willkommen bei Kiel hilft e.V. Wir sind eine B\u00fcrgerinitiative, die sich seit August 2015 f\u00fcr die Unterst\u00fctzung von gefl\u00fcchteten und hilfebed\u00fcrftigen Menschen in Kiel engagiert. Was als Sammeln und Verteilen von Sachspenden begann, hat sich zu einem umfassenden Integrationsprojekt entwickelt. Als gemeinn\u00fctziger Verein setzen wir uns weiterhin f\u00fcr eine offene und unterst\u00fctzende Gemeinschaft ein. Werde &hellip; Weiterlesen Home\" \/>\n<meta property=\"og:url\" content=\"https:\/\/kiel-hilft.de\/\" \/>\n<meta property=\"og:site_name\" content=\"Kiel Hilft e.V.\" \/>\n<meta property=\"article:modified_time\" content=\"2025-03-21T11:13:42+00:00\" \/>\n<meta property=\"og:image\" content=\"https:\/\/kiel-hilft.de\/wp-content\/uploads\/2024\/10\/PSX_20240923_102032neu-5-scaled.jpg\" \/>\n\t<meta property=\"og:image:width\" content=\"2560\" \/>\n\t<meta property=\"og:image:height\" content=\"1635\" \/>\n\t<meta property=\"og:image:type\" content=\"image\/jpeg\" \/>\n<meta name=\"twitter:card\" content=\"summary_large_image\" \/>\n<meta name=\"twitter:label1\" content=\"Gesch\u00e4tzte Lesezeit\" \/>\n\t<meta name=\"twitter:data1\" content=\"11\u00a0Minuten\" \/>\n<script type=\"application\/ld+json\" class=\"yoast-schema-graph\">{\"@context\":\"https:\/\/schema.org\",\"@graph\":[{\"@type\":\"WebPage\",\"@id\":\"https:\/\/kiel-hilft.de\/\",\"url\":\"https:\/\/kiel-hilft.de\/\",\"name\":\"Home - Kiel Hilft e.V.\",\"isPartOf\":{\"@id\":\"https:\/\/kiel-hilft.de\/#website\"},\"primaryImageOfPage\":{\"@id\":\"https:\/\/kiel-hilft.de\/#primaryimage\"},\"image\":{\"@id\":\"https:\/\/kiel-hilft.de\/#primaryimage\"},\"thumbnailUrl\":\"https:\/\/kiel-hilft.de\/wp-content\/uploads\/2024\/10\/PSX_20240923_102032neu-5-1024x654.jpg\",\"datePublished\":\"2018-08-01T19:29:43+00:00\",\"dateModified\":\"2025-03-21T11:13:42+00:00\",\"breadcrumb\":{\"@id\":\"https:\/\/kiel-hilft.de\/#breadcrumb\"},\"inLanguage\":\"de\",\"potentialAction\":[{\"@type\":\"ReadAction\",\"target\":[\"https:\/\/kiel-hilft.de\/\"]}]},{\"@type\":\"ImageObject\",\"inLanguage\":\"de\",\"@id\":\"https:\/\/kiel-hilft.de\/#primaryimage\",\"url\":\"https:\/\/kiel-hilft.de\/wp-content\/uploads\/2024\/10\/PSX_20240923_102032neu-5-scaled.jpg\",\"contentUrl\":\"https:\/\/kiel-hilft.de\/wp-content\/uploads\/2024\/10\/PSX_20240923_102032neu-5-scaled.jpg\",\"width\":2560,\"height\":1635},{\"@type\":\"BreadcrumbList\",\"@id\":\"https:\/\/kiel-hilft.de\/#breadcrumb\",\"itemListElement\":[{\"@type\":\"ListItem\",\"position\":1,\"name\":\"Startseite\",\"item\":\"https:\/\/kiel-hilft.de\/\"},{\"@type\":\"ListItem\",\"position\":2,\"name\":\"Home\"}]},{\"@type\":\"WebSite\",\"@id\":\"https:\/\/kiel-hilft.de\/#website\",\"url\":\"https:\/\/kiel-hilft.de\/\",\"name\":\"Kiel Hilft e.V.\",\"description\":\"\",\"potentialAction\":[{\"@type\":\"SearchAction\",\"target\":{\"@type\":\"EntryPoint\",\"urlTemplate\":\"https:\/\/kiel-hilft.de\/?s={search_term_string}\"},\"query-input\":{\"@type\":\"PropertyValueSpecification\",\"valueRequired\":true,\"valueName\":\"search_term_string\"}}],\"inLanguage\":\"de\"}]}<\/script>\n<!-- \/ Yoast SEO plugin. -->","yoast_head_json":{"title":"Home - Kiel Hilft e.V.","robots":{"index":"index","follow":"follow","max-snippet":"max-snippet:-1","max-image-preview":"max-image-preview:large","max-video-preview":"max-video-preview:-1"},"canonical":"https:\/\/kiel-hilft.de\/","og_locale":"de_DE","og_type":"article","og_title":"Home - Kiel Hilft e.V.","og_description":"Willkommen bei Kiel hilft e.V. Wir sind eine B\u00fcrgerinitiative, die sich seit August 2015 f\u00fcr die Unterst\u00fctzung von gefl\u00fcchteten und hilfebed\u00fcrftigen Menschen in Kiel engagiert. Was als Sammeln und Verteilen von Sachspenden begann, hat sich zu einem umfassenden Integrationsprojekt entwickelt. Als gemeinn\u00fctziger Verein setzen wir uns weiterhin f\u00fcr eine offene und unterst\u00fctzende Gemeinschaft ein. Werde &hellip; Weiterlesen Home","og_url":"https:\/\/kiel-hilft.de\/","og_site_name":"Kiel Hilft e.V.","article_modified_time":"2025-03-21T11:13:42+00:00","og_image":[{"width":2560,"height":1635,"url":"https:\/\/kiel-hilft.de\/wp-content\/uploads\/2024\/10\/PSX_20240923_102032neu-5-scaled.jpg","type":"image\/jpeg"}],"twitter_card":"summary_large_image","twitter_misc":{"Gesch\u00e4tzte Lesezeit":"11\u00a0Minuten"},"schema":{"@context":"https:\/\/schema.org","@graph":[{"@type":"WebPage","@id":"https:\/\/kiel-hilft.de\/","url":"https:\/\/kiel-hilft.de\/","name":"Home - Kiel Hilft e.V.","isPartOf":{"@id":"https:\/\/kiel-hilft.de\/#website"},"primaryImageOfPage":{"@id":"https:\/\/kiel-hilft.de\/#primaryimage"},"image":{"@id":"https:\/\/kiel-hilft.de\/#primaryimage"},"thumbnailUrl":"https:\/\/kiel-hilft.de\/wp-content\/uploads\/2024\/10\/PSX_20240923_102032neu-5-1024x654.jpg","datePublished":"2018-08-01T19:29:43+00:00","dateModified":"2025-03-21T11:13:42+00:00","breadcrumb":{"@id":"https:\/\/kiel-hilft.de\/#breadcrumb"},"inLanguage":"de","potentialAction":[{"@type":"ReadAction","target":["https:\/\/kiel-hilft.de\/"]}]},{"@type":"ImageObject","inLanguage":"de","@id":"https:\/\/kiel-hilft.de\/#primaryimage","url":"https:\/\/kiel-hilft.de\/wp-content\/uploads\/2024\/10\/PSX_20240923_102032neu-5-scaled.jpg","contentUrl":"https:\/\/kiel-hilft.de\/wp-content\/uploads\/2024\/10\/PSX_20240923_102032neu-5-scaled.jpg","width":2560,"height":1635},{"@type":"BreadcrumbList","@id":"https:\/\/kiel-hilft.de\/#breadcrumb","itemListElement":[{"@type":"ListItem","position":1,"name":"Startseite","item":"https:\/\/kiel-hilft.de\/"},{"@type":"ListItem","position":2,"name":"Home"}]},{"@type":"WebSite","@id":"https:\/\/kiel-hilft.de\/#website","url":"https:\/\/kiel-hilft.de\/","name":"Kiel Hilft e.V.","description":"","potentialAction":[{"@type":"SearchAction","target":{"@type":"EntryPoint","urlTemplate":"https:\/\/kiel-hilft.de\/?s={search_term_string}"},"query-input":{"@type":"PropertyValueSpecification","valueRequired":true,"valueName":"search_term_string"}}],"inLanguage":"de"}]}},"_links":{"self":[{"href":"https:\/\/kiel-hilft.de\/index.php\/wp-json\/wp\/v2\/pages\/81"}],"collection":[{"href":"https:\/\/kiel-hilft.de\/index.php\/wp-json\/wp\/v2\/pages"}],"about":[{"href":"https:\/\/kiel-hilft.de\/index.php\/wp-json\/wp\/v2\/types\/page"}],"author":[{"embeddable":true,"href":"https:\/\/kiel-hilft.de\/index.php\/wp-json\/wp\/v2\/users\/5"}],"replies":[{"embeddable":true,"href":"https:\/\/kiel-hilft.de\/index.php\/wp-json\/wp\/v2\/comments?post=81"}],"version-history":[{"count":64,"href":"https:\/\/kiel-hilft.de\/index.php\/wp-json\/wp\/v2\/pages\/81\/revisions"}],"predecessor-version":[{"id":766,"href":"https:\/\/kiel-hilft.de\/index.php\/wp-json\/wp\/v2\/pages\/81\/revisions\/766"}],"wp:attachment":[{"href":"https:\/\/kiel-hilft.de\/index.php\/wp-json\/wp\/v2\/media?parent=81"}],"curies":[{"name":"wp","href":"https:\/\/api.w.org\/{rel}","templated":true}]}}